{"id":20,"date":"2017-03-15T08:49:11","date_gmt":"2017-03-15T07:49:11","guid":{"rendered":"http:\/\/carnica.adante.systems\/carnicka\/?page_id=20"},"modified":"2022-12-20T08:18:22","modified_gmt":"2022-12-20T07:18:22","slug":"videli-ste-nas","status":"publish","type":"page","link":"https:\/\/carnica.sk\/carnicka\/?page_id=20","title":{"rendered":"videli ste n\u00e1s"},"content":{"rendered":"<section>\n<div class=\"container\">\n<div class=\"row align-children\">\n<div class=\"col-md-7 col-sm-6 text-center mb-xs-24\"><img loading=\"lazy\" class=\"alignleft size-full wp-image-1112\" src=\"http:\/\/carnica.sk\/carnicka\/wp-content\/uploads\/2018\/04\/chlapci.jpg\" alt=\"\" width=\"1159\" height=\"794\" srcset=\"https:\/\/carnica.sk\/carnicka\/wp-content\/uploads\/2018\/04\/chlapci.jpg 1159w, https:\/\/carnica.sk\/carnicka\/wp-content\/uploads\/2018\/04\/chlapci-300x206.jpg 300w, https:\/\/carnica.sk\/carnicka\/wp-content\/uploads\/2018\/04\/chlapci-768x526.jpg 768w, https:\/\/carnica.sk\/carnicka\/wp-content\/uploads\/2018\/04\/chlapci-1024x702.jpg 1024w\" sizes=\"(max-width: 1159px) 100vw, 1159px\" \/><\/div>\n<div>\n<\/div>\n<\/div>\n<div class=\"row align-children\">\n<div>\n<p><span style=\"color: #0000ff;\">18.12.2022<\/span> Aula Maxima \u2013 Viano\u010dn\u00fd program<\/p>\n<p><span style=\"color: #0000ff;\">23.6.2022<\/span> Hlavn\u00e1 ulica \u2013 RADOSTN\u00c1 PARCHOVIANSKA KARI\u010cKA<\/p>\n<p><span style=\"color: #0000ff;\">17.6.2022<\/span> Jahodn\u00e1 &#8211; s\u00fastredenie<\/p>\n<p><span style=\"color: #0000ff;\">3.6.2022<\/span> v\u00a0radnici Star\u00e9ho Mesta pri pr\u00edle\u017eitosti 60.v\u00fdro\u010dia zalo\u017eenia Z\u0160 Park Angelinum<\/p>\n<p><span style=\"color: #0000ff;\">22.6.2019<\/span> \u2013 Deti v hr\u00e1ch a tancoch, \u010ca\u0148a<\/p>\n<p><span style=\"color: #0000ff;\">30.4.2019<\/span> &#8211; Stavanie m\u00e1jov &#8211; Hlavn\u00e1 ulica Ko\u0161ice<\/p>\n<p><span style=\"color: #0000ff;\">8.12.2018<\/span> &#8211; Viano\u010dn\u00fd program &#8222;\u017dimno, pre\u017eimno&#8220; &#8211; Kult\u00farne centrum Veritas<\/p>\n<p><span style=\"color: #0000ff;\">23.6.2018<\/span> &#8211; Amfite\u00e1ter pod Hre\u0161nou, Kave\u010dany<\/p>\n<p><span style=\"color: #0000ff;\">17.6.2018<\/span> &#8211; Abovsk\u00e9 folkl\u00f3rne sl\u00e1vnosti, Rozhanovce<\/p>\n<p><span style=\"color: #0000ff;\">2.6.2018<\/span> &#8211; Premi\u00e9ra k 35. v\u00fdro\u010diu zalo\u017eenia DFS, Divadlo Grand, Ko\u0161ice<\/p>\n<p class=\"mb32\"><span style=\"color: blue;\">25.06.2017<\/span> CFF v Kave\u010danoch<\/p>\n<p class=\"mb32\"><span style=\"color: blue;\">08.06.2017 &#8211; 12.06.2017<\/span> Folkl\u00f3rny festival v Bratislave<\/p>\n<p class=\"mb32\">\n<\/div>\n<\/div>\n<p><!--end of row--><\/p>\n<\/div>\n<\/section>\n","protected":false},"excerpt":{"rendered":"<p>18.12.2022 Aula Maxima \u2013 Viano\u010dn\u00fd program 23.6.2022 Hlavn\u00e1 ulica \u2013 RADOSTN\u00c1 PARCHOVIANSKA KARI\u010cKA 17.6.2022 Jahodn\u00e1 &#8211; s\u00fastredenie 3.6.2022 v\u00a0radnici Star\u00e9ho Mesta pri pr\u00edle\u017eitosti 60.v\u00fdro\u010dia zalo\u017eenia Z\u0160 Park Angelinum 22.6.2019 \u2013 Deti v hr\u00e1ch a tancoch, \u010ca\u0148a 30.4.2019 &#8211; Stavanie m\u00e1jov &#8211; Hlavn\u00e1 ulica Ko\u0161ice 8.12.2018 &#8211; Viano\u010dn\u00fd program &#8222;\u017dimno, pre\u017eimno&#8220; &#8211; Kult\u00farne centrum Veritas 23.6.2018<\/p>\n<div><a class=\"btn-filled btn\" href=\"https:\/\/carnica.sk\/carnicka\/?page_id=20\" title=\"videli ste n\u00e1s\">Read More<\/a><\/div>\n","protected":false},"author":1,"featured_media":0,"parent":0,"menu_order":0,"comment_status":"closed","ping_status":"closed","template":"page-templates\/full-width.php","meta":[],"jetpack_sharing_enabled":true,"jetpack_shortlink":"https:\/\/wp.me\/P8vuCR-k","_links":{"self":[{"href":"https:\/\/carnica.sk\/carnicka\/index.php?rest_route=\/wp\/v2\/pages\/20"}],"collection":[{"href":"https:\/\/carnica.sk\/carnicka\/index.php?rest_route=\/wp\/v2\/pages"}],"about":[{"href":"https:\/\/carnica.sk\/carnicka\/index.php?rest_route=\/wp\/v2\/types\/page"}],"author":[{"embeddable":true,"href":"https:\/\/carnica.sk\/carnicka\/index.php?rest_route=\/wp\/v2\/users\/1"}],"replies":[{"embeddable":true,"href":"https:\/\/carnica.sk\/carnicka\/index.php?rest_route=%2Fwp%2Fv2%2Fcomments&post=20"}],"version-history":[{"count":14,"href":"https:\/\/carnica.sk\/carnicka\/index.php?rest_route=\/wp\/v2\/pages\/20\/revisions"}],"predecessor-version":[{"id":7435,"href":"https:\/\/carnica.sk\/carnicka\/index.php?rest_route=\/wp\/v2\/pages\/20\/revisions\/7435"}],"wp:attachment":[{"href":"https:\/\/carnica.sk\/carnicka\/index.php?rest_route=%2Fwp%2Fv2%2Fmedia&parent=20"}],"curies":[{"name":"wp","href":"https:\/\/api.w.org\/{rel}","templated":true}]}}